{"id":10501,"date":"2025-02-04T14:59:02","date_gmt":"2025-02-04T13:59:02","guid":{"rendered":"https:\/\/www.weinfreunde.de\/magazin\/?page_id=10501"},"modified":"2025-02-11T15:25:11","modified_gmt":"2025-02-11T14:25:11","slug":"wein-aus-chile","status":"publish","type":"page","link":"https:\/\/www.weinfreunde.de\/magazin\/weinlaender\/wein-aus-chile\/","title":{"rendered":"Weinland Chile"},"content":{"rendered":"<div id=\"pl-10501\"  class=\"panel-layout\" ><div id=\"pg-10501-0\"  class=\"panel-grid panel-no-style\" ><div id=\"pgc-10501-0-0\"  class=\"panel-grid-cell\" ><div id=\"panel-10501-0-0-0\" class=\"so-panel widget widget_wf_beitrag100_ panel-first-child\" data-index=\"0\" ><div\n\t\t\t\n\t\t\tclass=\"so-widget-wf_beitrag100_ so-widget-wf_beitrag100_-default-d75171398898-10501\"\n\t\t\t\n\t\t>\n    <a href=\"https:\/\/www.weinfreunde.de\/magazin\/weinwissen\/colchagua-komplexe-rotweine-aus-chile\/\" class=\"beitrag beitrag-100\">\n        <div class=\"img\">\n            <img decoding=\"async\"\n                    src=\"https:\/\/www.weinfreunde.de\/magazin\/wp-content\/uploads\/2016\/07\/Header_Weinregion_Colchagua-667x446.jpg\"\n                    srcset=\"\n                        https:\/\/www.weinfreunde.de\/magazin\/wp-content\/uploads\/2016\/07\/Header_Weinregion_Colchagua-1406x500.jpg 2560w,\n                        https:\/\/www.weinfreunde.de\/magazin\/wp-content\/uploads\/2016\/07\/Header_Weinregion_Colchagua-1406x500.jpg 1920w,\n                        https:\/\/www.weinfreunde.de\/magazin\/wp-content\/uploads\/2016\/07\/Header_Weinregion_Colchagua-1039x455.jpg 1280w,\n                        https:\/\/www.weinfreunde.de\/magazin\/wp-content\/uploads\/2016\/07\/Header_Weinregion_Colchagua-842x370.jpg 1024w,\n                        https:\/\/www.weinfreunde.de\/magazin\/wp-content\/uploads\/2016\/07\/Header_Weinregion_Colchagua-667x446.jpg 768w,\n                        https:\/\/www.weinfreunde.de\/magazin\/wp-content\/uploads\/2016\/07\/Header_Weinregion_Colchagua-280x280.jpg 320w\n                    \"\n                            sizes=\"\n                        (min-width: 2560px) 2560px,\n                        (min-width: 1920px) 1920px,\n                        (min-width: 1280px) 1280px,\n                        (min-width: 1024px) 1024px,\n                        (min-width: 768px) 768px,\n                        (min-width: 320px) 320px,   \n                    \"\n                    alt=\"Colchagua Valley\"\n                    loading=\"lazy\"\n            >\n            <div>&nbsp;<\/div>\n        <\/div>\n\n        <div class=\"terms\">\n            \n        <\/div>\n\n        <h3 class=\"title\">\n            Colchagua Valley: komplexe Rotweine aus Chile\n        <\/h3>\n\n                    <div class=\"excerpt\">\n                                    Das Colchagua Valley (auch Valle de Cholchagua genannt) ist eine Unterregion des Rapel Valley und liegt im Zentrum von Chile. Es werden prim\u00e4r Rotweine in diesem Weinanbaugebiet gekeltert. Daher ist es f\u00fcr Chile eine der wichtigsten Anbauregionen f\u00fcr rote Rebsorten.\n                            <\/div>\n\n            <div class=\"info\">\n                <span class=\"date\">\n                    Am 10. Oktober 2020\n                    &middot;\n                    von Weinfreunde\n                <\/span>\n            <\/div>\n            <\/a>\n\n<\/div><\/div><div id=\"panel-10501-0-0-1\" class=\"so-panel widget widget_sow-editor panel-last-child\" data-index=\"1\" ><div\n\t\t\t\n\t\t\tclass=\"so-widget-sow-editor so-widget-sow-editor-base\"\n\t\t\t\n\t\t>\n<div class=\"siteorigin-widget-tinymce textwidget\">\n\t<p><a href=\"\/magazin\/weinwissen\/weinglossar\/weinregionen\/\" class=\"btn cta\" style=\"width: 80%;\"> Weinregionen <\/a><\/p>\n<\/div>\n<\/div><\/div><\/div><\/div><div id=\"pg-10501-1\"  class=\"panel-grid panel-no-style\" ><div id=\"pgc-10501-1-0\"  class=\"panel-grid-cell\" ><div id=\"panel-10501-1-0-0\" class=\"so-panel widget widget_wf_beitrag100_ panel-first-child panel-last-child\" data-index=\"2\" ><div\n\t\t\t\n\t\t\tclass=\"so-widget-wf_beitrag100_ so-widget-wf_beitrag100_-default-d75171398898-10501\"\n\t\t\t\n\t\t>    <div class=\"beitrag-titel\">\n        <h2>Winzer-Portr\u00e4t<\/h2>\n    <\/div>\n\n    <a href=\"https:\/\/www.weinfreunde.de\/magazin\/weinwissen\/torres-familien-clan-mit-wein-imperium\/\" class=\"beitrag beitrag-100\">\n        <div class=\"img\">\n            <img decoding=\"async\"\n                    src=\"https:\/\/www.weinfreunde.de\/magazin\/wp-content\/uploads\/2019\/06\/Magazin-Header_1280x650px_Torres-667x446.png.webp\"\n                    srcset=\"\n                        https:\/\/www.weinfreunde.de\/magazin\/wp-content\/uploads\/2019\/06\/Magazin-Header_1280x650px_Torres-1280x613.png.webp 2560w,\n                        https:\/\/www.weinfreunde.de\/magazin\/wp-content\/uploads\/2019\/06\/Magazin-Header_1280x650px_Torres-1280x613.png.webp 1920w,\n                        https:\/\/www.weinfreunde.de\/magazin\/wp-content\/uploads\/2019\/06\/Magazin-Header_1280x650px_Torres-1039x455.png.webp 1280w,\n                        https:\/\/www.weinfreunde.de\/magazin\/wp-content\/uploads\/2019\/06\/Magazin-Header_1280x650px_Torres-842x370.png.webp 1024w,\n                        https:\/\/www.weinfreunde.de\/magazin\/wp-content\/uploads\/2019\/06\/Magazin-Header_1280x650px_Torres-667x446.png.webp 768w,\n                        https:\/\/www.weinfreunde.de\/magazin\/wp-content\/uploads\/2019\/06\/Magazin-Header_1280x650px_Torres-280x280.png.webp 320w\n                    \"\n                            sizes=\"\n                        (min-width: 2560px) 2560px,\n                        (min-width: 1920px) 1920px,\n                        (min-width: 1280px) 1280px,\n                        (min-width: 1024px) 1024px,\n                        (min-width: 768px) 768px,\n                        (min-width: 320px) 320px,   \n                    \"\n                    alt=\"Weingut Torres\"\n                    loading=\"lazy\"\n            >\n            <div>&nbsp;<\/div>\n        <\/div>\n\n        <div class=\"terms\">\n            \n        <\/div>\n\n        <h3 class=\"title\">\n            Torres: Familien Clan mit Wein-Imperium\n        <\/h3>\n\n                    <div class=\"excerpt\">\n                                    Der Name Torres steht nicht nur f\u00fcr ein Herstellungsunternehmen f\u00fcr Wein, sondern auch f\u00fcr eine der innovativsten Winzerfamilien der Welt. Das Unternehmen wurde 1870 als kleines Weingut gegr\u00fcndet und expandierte schnell.\n                            <\/div>\n\n            <div class=\"info\">\n                <span class=\"date\">\n                    Am 14. Juni 2019\n                    &middot;\n                    von Weinfreunde\n                <\/span>\n            <\/div>\n            <\/a>\n\n<\/div><\/div><\/div><\/div><div id=\"pg-10501-2\"  class=\"panel-grid panel-no-style\" ><div id=\"pgc-10501-2-0\"  class=\"panel-grid-cell\" ><div id=\"panel-10501-2-0-0\" class=\"so-panel widget widget_block panel-first-child\" data-index=\"3\" ><br><\/div><div id=\"panel-10501-2-0-1\" class=\"so-panel widget widget_sow-editor panel-last-child\" data-index=\"4\" ><div\n\t\t\t\n\t\t\tclass=\"so-widget-sow-editor so-widget-sow-editor-base\"\n\t\t\t\n\t\t><h3 class=\"widget-title\">Weine aus Chile bei Weinfreunde bestellen<\/h3>\n<div class=\"siteorigin-widget-tinymce textwidget\">\n\t<div class=\"product-slider\" id=\"_prodSlider69f29aba62d67\">\n\t\t\n\t<div class=\"slide-area\">\n\t\t<div class=\"slides\">\n\t\t\t\t\t\t\t<div class=\"slide\">\n\t\t\t\t\t\t\t\t\t\t\t<a class=\"product\" href=\"https:\/\/www.weinfreunde.de\/p\/cabernet-sauvignon-carmenere-montes\/?ecid=int_magazin_nn_nn_nn_nn_nn_nn\" target=\"_blank\">\n\t\t\t\t\t\t\t\t\t\t\t<div class=\"image\">\n\t\t\t\t\t\t\t<div\n                                    class=\"bg\"\n                                    style=\"background-image: url(https:\/\/10b644692e76ab15cf59-eaadbe2afc1f47d8740ca8f676f7fe70.ssl.cf3.rackcdn.com\/2000011090_900v-A_Swipk3.png);\"\n                            ><\/div>\n\t\t\t\t\t\t<\/div>\n\t\t\t\t\t\t<div class=\"c\">\n\t\t\t\t\t\t\t<div class=\"title\">Cabernet Sauvignon Carm\u00e9n\u00e8re 2023<\/div>\n\t\t\t\t\t\t\t<div class=\"brand\">Montes<\/div>\n\t\t\t\t\t\t\t\t\t\t\t\t\t\t\t<div class=\"details\">\n\t\t\t\t\t\t\t\t\t\t\t\t\t\t\t\t\t\t\t<div>Rotwein<\/div>\n\t\t\t\t\t\t\t\t\t\t\t\t\t\t\t\t\t\t\t<div>Carm\u00e9n\u00e8re, Cabernet Sauvignon<\/div>\n\t\t\t\t\t\t\t\t\t\t\t\t\t\t\t\t\t<\/div>\n\t\t\t\t\t\t\t\t\t\t\t\t\t<\/div>\n\t\t\t\t\t<\/a>\n\t\t\t\t<\/div>\n\t\t\t\t\t\t\t<div class=\"slide\">\n\t\t\t\t\t\t\t\t\t\t\t<a class=\"product\" href=\"https:\/\/www.weinfreunde.de\/p\/cabernet-sauvignon-reserva-montes\/?ecid=int_magazin_nn_nn_nn_nn_nn_nn\" target=\"_blank\">\n\t\t\t\t\t\t\t\t\t\t\t<div class=\"image\">\n\t\t\t\t\t\t\t<div\n                                    class=\"bg\"\n                                    style=\"background-image: url(https:\/\/10b644692e76ab15cf59-eaadbe2afc1f47d8740ca8f676f7fe70.ssl.cf3.rackcdn.com\/2000011744_900v-3yE206vS.png);\"\n                            ><\/div>\n\t\t\t\t\t\t<\/div>\n\t\t\t\t\t\t<div class=\"c\">\n\t\t\t\t\t\t\t<div class=\"title\">Cabernet Sauvignon Reserva 2023<\/div>\n\t\t\t\t\t\t\t<div class=\"brand\">Montes<\/div>\n\t\t\t\t\t\t\t\t\t\t\t\t\t\t\t<div class=\"details\">\n\t\t\t\t\t\t\t\t\t\t\t\t\t\t\t\t\t\t\t<div>Rotwein<\/div>\n\t\t\t\t\t\t\t\t\t\t\t\t\t\t\t\t\t\t\t<div>Cabernet Sauvignon<\/div>\n\t\t\t\t\t\t\t\t\t\t\t\t\t\t\t\t\t<\/div>\n\t\t\t\t\t\t\t\t\t\t\t\t\t<\/div>\n\t\t\t\t\t<\/a>\n\t\t\t\t<\/div>\n\t\t\t\t\t\t\t<div class=\"slide\">\n\t\t\t\t\t\t\t\t\t\t\t<a class=\"product\" href=\"https:\/\/www.weinfreunde.de\/p\/terroir-de-familia-carmenere-reserva-casa-silva\/?ecid=int_magazin_nn_nn_nn_nn_nn_nn\" target=\"_blank\">\n\t\t\t\t\t\t\t\t\t\t\t<div class=\"image\">\n\t\t\t\t\t\t\t<div\n                                    class=\"bg\"\n                                    style=\"background-image: url(https:\/\/images.cdn.europe-west1.gcp.commercetools.com\/c465d296-b9b4-4e2d-afd0-6980caa08886\/2000011952_900v-3PHhImgX.png);\"\n                            ><\/div>\n\t\t\t\t\t\t<\/div>\n\t\t\t\t\t\t<div class=\"c\">\n\t\t\t\t\t\t\t<div class=\"title\">Terroir de Familia Carmen\u00e8re Reserva \u2026<\/div>\n\t\t\t\t\t\t\t<div class=\"brand\">Casa Silva<\/div>\n\t\t\t\t\t\t\t\t\t\t\t\t\t\t\t<div class=\"details\">\n\t\t\t\t\t\t\t\t\t\t\t\t\t\t\t\t\t\t\t<div>Rotwein<\/div>\n\t\t\t\t\t\t\t\t\t\t\t\t\t\t\t\t\t\t\t<div>Carm\u00e9n\u00e8re<\/div>\n\t\t\t\t\t\t\t\t\t\t\t\t\t\t\t\t\t<\/div>\n\t\t\t\t\t\t\t\t\t\t\t\t\t<\/div>\n\t\t\t\t\t<\/a>\n\t\t\t\t<\/div>\n\t\t\t\t\t\t\t<div class=\"slide\">\n\t\t\t\t\t\t\t\t\t\t\t<a class=\"product\" href=\"https:\/\/www.weinfreunde.de\/p\/family-selection-cabernet-sauvignon-gran-reserva-luis-felipe-edwards\/?ecid=int_magazin_nn_nn_nn_nn_nn_nn\" target=\"_blank\">\n\t\t\t\t\t\t\t\t\t\t\t<div class=\"image\">\n\t\t\t\t\t\t\t<div\n                                    class=\"bg\"\n                                    style=\"background-image: url(https:\/\/10b644692e76ab15cf59-eaadbe2afc1f47d8740ca8f676f7fe70.ssl.cf3.rackcdn.com\/2000012628_900v-UEM5Co_b.png);\"\n                            ><\/div>\n\t\t\t\t\t\t<\/div>\n\t\t\t\t\t\t<div class=\"c\">\n\t\t\t\t\t\t\t<div class=\"title\">Family Selection Cabernet Sauvignon Gr\u2026<\/div>\n\t\t\t\t\t\t\t<div class=\"brand\">Luis Felipe Edwards<\/div>\n\t\t\t\t\t\t\t\t\t\t\t\t\t\t\t<div class=\"details\">\n\t\t\t\t\t\t\t\t\t\t\t\t\t\t\t\t\t\t\t<div>Rotwein<\/div>\n\t\t\t\t\t\t\t\t\t\t\t\t\t\t\t\t\t\t\t<div>Cabernet Sauvignon<\/div>\n\t\t\t\t\t\t\t\t\t\t\t\t\t\t\t\t\t\t\t<div>Colchagua Valley<\/div>\n\t\t\t\t\t\t\t\t\t\t\t\t\t\t\t\t\t<\/div>\n\t\t\t\t\t\t\t\t\t\t\t\t\t<\/div>\n\t\t\t\t\t<\/a>\n\t\t\t\t<\/div>\n\t\t\t\t\t\t\t<div class=\"slide\">\n\t\t\t\t\t\t\t\t\t\t\t<a class=\"product\" href=\"https:\/\/www.weinfreunde.de\/p\/cabernet-sauvignon-pupilla-luis-felipe-edwards\/?ecid=int_magazin_nn_nn_nn_nn_nn_nn\" target=\"_blank\">\n\t\t\t\t\t\t\t\t\t\t\t<div class=\"image\">\n\t\t\t\t\t\t\t<div\n                                    class=\"bg\"\n                                    style=\"background-image: url(https:\/\/10b644692e76ab15cf59-eaadbe2afc1f47d8740ca8f676f7fe70.ssl.cf3.rackcdn.com\/2000012629_900v-9jR4913V.png);\"\n                            ><\/div>\n\t\t\t\t\t\t<\/div>\n\t\t\t\t\t\t<div class=\"c\">\n\t\t\t\t\t\t\t<div class=\"title\">Cabernet Sauvignon Pupilla 2024<\/div>\n\t\t\t\t\t\t\t<div class=\"brand\">Luis Felipe Edwards<\/div>\n\t\t\t\t\t\t\t\t\t\t\t\t\t\t\t<div class=\"details\">\n\t\t\t\t\t\t\t\t\t\t\t\t\t\t\t\t\t\t\t<div>Rotwein<\/div>\n\t\t\t\t\t\t\t\t\t\t\t\t\t\t\t\t\t\t\t<div>Cabernet Sauvignon<\/div>\n\t\t\t\t\t\t\t\t\t\t\t\t\t\t\t\t\t<\/div>\n\t\t\t\t\t\t\t\t\t\t\t\t\t<\/div>\n\t\t\t\t\t<\/a>\n\t\t\t\t<\/div>\n\t\t\t\t\t\t\t<div class=\"slide\">\n\t\t\t\t\t\t\t\t\t\t\t<a class=\"product\" href=\"https:\/\/www.weinfreunde.de\/p\/carmenere-pupilla-luis-felipe-edwards\/?ecid=int_magazin_nn_nn_nn_nn_nn_nn\" target=\"_blank\">\n\t\t\t\t\t\t\t\t\t\t\t<div class=\"image\">\n\t\t\t\t\t\t\t<div\n                                    class=\"bg\"\n                                    style=\"background-image: url(https:\/\/10b644692e76ab15cf59-eaadbe2afc1f47d8740ca8f676f7fe70.ssl.cf3.rackcdn.com\/2000012630_900v-jga2VLjP.png);\"\n                            ><\/div>\n\t\t\t\t\t\t<\/div>\n\t\t\t\t\t\t<div class=\"c\">\n\t\t\t\t\t\t\t<div class=\"title\">Carm\u00e9n\u00e8re Pupilla 2023<\/div>\n\t\t\t\t\t\t\t<div class=\"brand\">Luis Felipe Edwards<\/div>\n\t\t\t\t\t\t\t\t\t\t\t\t\t\t\t<div class=\"details\">\n\t\t\t\t\t\t\t\t\t\t\t\t\t\t\t\t\t\t\t<div>Rotwein<\/div>\n\t\t\t\t\t\t\t\t\t\t\t\t\t\t\t\t\t\t\t<div>Carm\u00e9n\u00e8re<\/div>\n\t\t\t\t\t\t\t\t\t\t\t\t\t\t\t\t\t<\/div>\n\t\t\t\t\t\t\t\t\t\t\t\t\t<\/div>\n\t\t\t\t\t<\/a>\n\t\t\t\t<\/div>\n\t\t\t\t\t\t\t<div class=\"slide\">\n\t\t\t\t\t\t\t\t\t\t\t<a class=\"product\" href=\"https:\/\/www.weinfreunde.de\/p\/lfe-900-cuvee-luis-felipe-edwards\/?ecid=int_magazin_nn_nn_nn_nn_nn_nn\" target=\"_blank\">\n\t\t\t\t\t\t\t\t\t\t\t<div class=\"image\">\n\t\t\t\t\t\t\t<div\n                                    class=\"bg\"\n                                    style=\"background-image: url(https:\/\/10b644692e76ab15cf59-eaadbe2afc1f47d8740ca8f676f7fe70.ssl.cf3.rackcdn.com\/2000012631_900v-fxOaPvfH.png);\"\n                            ><\/div>\n\t\t\t\t\t\t<\/div>\n\t\t\t\t\t\t<div class=\"c\">\n\t\t\t\t\t\t\t<div class=\"title\">LFE 900 Cuv\u00e9e 2019<\/div>\n\t\t\t\t\t\t\t<div class=\"brand\">Luis Felipe Edwards<\/div>\n\t\t\t\t\t\t\t\t\t\t\t\t\t\t\t<div class=\"details\">\n\t\t\t\t\t\t\t\t\t\t\t\t\t\t\t\t\t\t\t<div>Rotwein<\/div>\n\t\t\t\t\t\t\t\t\t\t\t\t\t\t\t\t\t\t\t<div>Syrah, Petit Syrah, Cabernet Sauvignon<\/div>\n\t\t\t\t\t\t\t\t\t\t\t\t\t\t\t\t\t\t\t<div>Colchagua Valley<\/div>\n\t\t\t\t\t\t\t\t\t\t\t\t\t\t\t\t\t<\/div>\n\t\t\t\t\t\t\t\t\t\t\t\t\t<\/div>\n\t\t\t\t\t<\/a>\n\t\t\t\t<\/div>\n\t\t\t\t\t\t\t<div class=\"slide\">\n\t\t\t\t\t\t\t\t\t\t\t<a class=\"product\" href=\"https:\/\/www.weinfreunde.de\/p\/family-selection-merlot-gran-reserva-luis-felipe-edwards\/?ecid=int_magazin_nn_nn_nn_nn_nn_nn\" target=\"_blank\">\n\t\t\t\t\t\t\t\t\t\t\t<div class=\"image\">\n\t\t\t\t\t\t\t<div\n                                    class=\"bg\"\n                                    style=\"background-image: url(https:\/\/10b644692e76ab15cf59-eaadbe2afc1f47d8740ca8f676f7fe70.ssl.cf3.rackcdn.com\/2000012668_900v-afYo57jV.png);\"\n                            ><\/div>\n\t\t\t\t\t\t<\/div>\n\t\t\t\t\t\t<div class=\"c\">\n\t\t\t\t\t\t\t<div class=\"title\">Family Selection Merlot Gran Reserva 2\u2026<\/div>\n\t\t\t\t\t\t\t<div class=\"brand\">Luis Felipe Edwards<\/div>\n\t\t\t\t\t\t\t\t\t\t\t\t\t\t\t<div class=\"details\">\n\t\t\t\t\t\t\t\t\t\t\t\t\t\t\t\t\t\t\t<div>Rotwein<\/div>\n\t\t\t\t\t\t\t\t\t\t\t\t\t\t\t\t\t\t\t<div>Merlot<\/div>\n\t\t\t\t\t\t\t\t\t\t\t\t\t\t\t\t\t\t\t<div>Central Valley<\/div>\n\t\t\t\t\t\t\t\t\t\t\t\t\t\t\t\t\t<\/div>\n\t\t\t\t\t\t\t\t\t\t\t\t\t<\/div>\n\t\t\t\t\t<\/a>\n\t\t\t\t<\/div>\n\t\t\t\t\t\t\t<div class=\"slide\">\n\t\t\t\t\t\t\t\t\t\t\t<a class=\"product\" href=\"https:\/\/www.weinfreunde.de\/p\/montes-alpha-cabernet-sauvignon-montes\/?ecid=int_magazin_nn_nn_nn_nn_nn_nn\" target=\"_blank\">\n\t\t\t\t\t\t\t\t\t\t\t<div class=\"image\">\n\t\t\t\t\t\t\t<div\n                                    class=\"bg\"\n                                    style=\"background-image: url(https:\/\/10b644692e76ab15cf59-eaadbe2afc1f47d8740ca8f676f7fe70.ssl.cf3.rackcdn.com\/2000013270_900v-aPBKuUPA.png);\"\n                            ><\/div>\n\t\t\t\t\t\t<\/div>\n\t\t\t\t\t\t<div class=\"c\">\n\t\t\t\t\t\t\t<div class=\"title\">Montes Alpha Cabernet Sauvignon 2022<\/div>\n\t\t\t\t\t\t\t<div class=\"brand\">Montes<\/div>\n\t\t\t\t\t\t\t\t\t\t\t\t\t\t\t<div class=\"details\">\n\t\t\t\t\t\t\t\t\t\t\t\t\t\t\t\t\t\t\t<div>Rotwein<\/div>\n\t\t\t\t\t\t\t\t\t\t\t\t\t\t\t\t\t\t\t<div>Cabernet Sauvignon, Merlot<\/div>\n\t\t\t\t\t\t\t\t\t\t\t\t\t\t\t\t\t<\/div>\n\t\t\t\t\t\t\t\t\t\t\t\t\t<\/div>\n\t\t\t\t\t<\/a>\n\t\t\t\t<\/div>\n\t\t\t\t\t<\/div>\n\t<\/div>\n<\/div>\n<script>_w(() => new WF.Magazin.ProductSlider('#_prodSlider69f29aba62d67'));<\/script>\n\n<\/div>\n<\/div><\/div><\/div><\/div><\/div>","protected":false},"excerpt":{"rendered":"<p>Weinregionen<\/p>\n","protected":false},"author":9,"featured_media":2174,"parent":13115,"menu_order":0,"comment_status":"closed","ping_status":"closed","template":"templates\/home.php","meta":{"footnotes":""},"class_list":["post-10501","page","type-page","status-publish","has-post-thumbnail","hentry"],"yoast_head":"<!-- This site is optimized with the Yoast SEO plugin v27.5 - https:\/\/yoast.com\/product\/yoast-seo-wordpress\/ -->\n<title>Weinland Chile &#187; Weinfreunde Magazin<\/title>\n<meta name=\"robots\" content=\"index, follow, max-snippet:-1, max-image-preview:large, max-video-preview:-1\" \/>\n<link rel=\"canonical\" href=\"https:\/\/www.weinfreunde.de\/magazin\/weinlaender\/wein-aus-chile\/\" \/>\n<meta property=\"og:locale\" content=\"de_DE\" \/>\n<meta property=\"og:type\" content=\"article\" \/>\n<meta property=\"og:title\" content=\"Weinland Chile &#187; Weinfreunde Magazin\" \/>\n<meta property=\"og:description\" content=\"Weinregionen\" \/>\n<meta property=\"og:url\" content=\"https:\/\/www.weinfreunde.de\/magazin\/weinlaender\/wein-aus-chile\/\" \/>\n<meta property=\"og:site_name\" content=\"Weinfreunde Magazin\" \/>\n<meta property=\"article:publisher\" content=\"https:\/\/www.facebook.com\/weinfreunde.de\" \/>\n<meta property=\"article:modified_time\" content=\"2025-02-11T14:25:11+00:00\" \/>\n<meta property=\"og:image\" content=\"https:\/\/www.weinfreunde.de\/magazin\/wp-content\/uploads\/2017\/09\/Elqui-Valley-Andes-part-of-Atacama-Desert-in-the-Coquimbo-region-Chile_11-Bild_1500x800px-4.jpg\" \/>\n\t<meta property=\"og:image:width\" content=\"1500\" \/>\n\t<meta property=\"og:image:height\" content=\"800\" \/>\n\t<meta property=\"og:image:type\" content=\"image\/jpeg\" \/>\n<meta name=\"twitter:card\" content=\"summary_large_image\" \/>\n<meta name=\"twitter:label1\" content=\"Est. reading time\" \/>\n\t<meta name=\"twitter:data1\" content=\"1\u00a0Minute\" \/>\n<script type=\"application\/ld+json\" class=\"yoast-schema-graph\">{\"@context\":\"https:\\\/\\\/schema.org\",\"@graph\":[{\"@type\":\"WebPage\",\"@id\":\"https:\\\/\\\/www.weinfreunde.de\\\/magazin\\\/weinlaender\\\/wein-aus-chile\\\/\",\"url\":\"https:\\\/\\\/www.weinfreunde.de\\\/magazin\\\/weinlaender\\\/wein-aus-chile\\\/\",\"name\":\"Weinland Chile &#187; Weinfreunde Magazin\",\"isPartOf\":{\"@id\":\"https:\\\/\\\/www.weinfreunde.de\\\/magazin\\\/#website\"},\"primaryImageOfPage\":{\"@id\":\"https:\\\/\\\/www.weinfreunde.de\\\/magazin\\\/weinlaender\\\/wein-aus-chile\\\/#primaryimage\"},\"image\":{\"@id\":\"https:\\\/\\\/www.weinfreunde.de\\\/magazin\\\/weinlaender\\\/wein-aus-chile\\\/#primaryimage\"},\"thumbnailUrl\":\"https:\\\/\\\/www.weinfreunde.de\\\/magazin\\\/wp-content\\\/uploads\\\/2017\\\/09\\\/Elqui-Valley-Andes-part-of-Atacama-Desert-in-the-Coquimbo-region-Chile_11-Bild_1500x800px-4.jpg\",\"datePublished\":\"2025-02-04T13:59:02+00:00\",\"dateModified\":\"2025-02-11T14:25:11+00:00\",\"breadcrumb\":{\"@id\":\"https:\\\/\\\/www.weinfreunde.de\\\/magazin\\\/weinlaender\\\/wein-aus-chile\\\/#breadcrumb\"},\"inLanguage\":\"de\",\"potentialAction\":[{\"@type\":\"ReadAction\",\"target\":[\"https:\\\/\\\/www.weinfreunde.de\\\/magazin\\\/weinlaender\\\/wein-aus-chile\\\/\"]}]},{\"@type\":\"ImageObject\",\"inLanguage\":\"de\",\"@id\":\"https:\\\/\\\/www.weinfreunde.de\\\/magazin\\\/weinlaender\\\/wein-aus-chile\\\/#primaryimage\",\"url\":\"https:\\\/\\\/www.weinfreunde.de\\\/magazin\\\/wp-content\\\/uploads\\\/2017\\\/09\\\/Elqui-Valley-Andes-part-of-Atacama-Desert-in-the-Coquimbo-region-Chile_11-Bild_1500x800px-4.jpg\",\"contentUrl\":\"https:\\\/\\\/www.weinfreunde.de\\\/magazin\\\/wp-content\\\/uploads\\\/2017\\\/09\\\/Elqui-Valley-Andes-part-of-Atacama-Desert-in-the-Coquimbo-region-Chile_11-Bild_1500x800px-4.jpg\",\"width\":1500,\"height\":800,\"caption\":\"Weinberge in Chile\"},{\"@type\":\"BreadcrumbList\",\"@id\":\"https:\\\/\\\/www.weinfreunde.de\\\/magazin\\\/weinlaender\\\/wein-aus-chile\\\/#breadcrumb\",\"itemListElement\":[{\"@type\":\"ListItem\",\"position\":1,\"name\":\"Magazin\",\"item\":\"https:\\\/\\\/www.weinfreunde.de\\\/magazin\\\/\"},{\"@type\":\"ListItem\",\"position\":2,\"name\":\"Weinl\u00e4nder\",\"item\":\"https:\\\/\\\/www.weinfreunde.de\\\/magazin\\\/weinlaender\\\/\"},{\"@type\":\"ListItem\",\"position\":3,\"name\":\"Weinland Chile\"}]},{\"@type\":\"WebSite\",\"@id\":\"https:\\\/\\\/www.weinfreunde.de\\\/magazin\\\/#website\",\"url\":\"https:\\\/\\\/www.weinfreunde.de\\\/magazin\\\/\",\"name\":\"Weinfreunde Magazin\",\"description\":\"Dein Weinfreunde Magazin\",\"publisher\":{\"@id\":\"https:\\\/\\\/www.weinfreunde.de\\\/magazin\\\/#organization\"},\"potentialAction\":[{\"@type\":\"SearchAction\",\"target\":{\"@type\":\"EntryPoint\",\"urlTemplate\":\"https:\\\/\\\/www.weinfreunde.de\\\/magazin\\\/?s={search_term_string}\"},\"query-input\":{\"@type\":\"PropertyValueSpecification\",\"valueRequired\":true,\"valueName\":\"search_term_string\"}}],\"inLanguage\":\"de\"},{\"@type\":\"Organization\",\"@id\":\"https:\\\/\\\/www.weinfreunde.de\\\/magazin\\\/#organization\",\"name\":\"REWE Wein online GmbH | Weinfreunde\",\"url\":\"https:\\\/\\\/www.weinfreunde.de\\\/magazin\\\/\",\"logo\":{\"@type\":\"ImageObject\",\"inLanguage\":\"de\",\"@id\":\"https:\\\/\\\/www.weinfreunde.de\\\/magazin\\\/#\\\/schema\\\/logo\\\/image\\\/\",\"url\":\"https:\\\/\\\/www.weinfreunde.de\\\/magazin\\\/wp-content\\\/uploads\\\/2019\\\/08\\\/WF_Logo_Vertikal_Claim_Schwarz-scaled.jpg.webp\",\"contentUrl\":\"https:\\\/\\\/www.weinfreunde.de\\\/magazin\\\/wp-content\\\/uploads\\\/2019\\\/08\\\/WF_Logo_Vertikal_Claim_Schwarz-scaled.jpg.webp\",\"width\":2048,\"height\":1241,\"caption\":\"REWE Wein online GmbH | Weinfreunde\"},\"image\":{\"@id\":\"https:\\\/\\\/www.weinfreunde.de\\\/magazin\\\/#\\\/schema\\\/logo\\\/image\\\/\"},\"sameAs\":[\"https:\\\/\\\/www.facebook.com\\\/weinfreunde.de\"]}]}<\/script>\n<!-- \/ Yoast SEO plugin. -->","yoast_head_json":{"title":"Weinland Chile &#187; Weinfreunde Magazin","robots":{"index":"index","follow":"follow","max-snippet":"max-snippet:-1","max-image-preview":"max-image-preview:large","max-video-preview":"max-video-preview:-1"},"canonical":"https:\/\/www.weinfreunde.de\/magazin\/weinlaender\/wein-aus-chile\/","og_locale":"de_DE","og_type":"article","og_title":"Weinland Chile &#187; Weinfreunde Magazin","og_description":"Weinregionen","og_url":"https:\/\/www.weinfreunde.de\/magazin\/weinlaender\/wein-aus-chile\/","og_site_name":"Weinfreunde Magazin","article_publisher":"https:\/\/www.facebook.com\/weinfreunde.de","article_modified_time":"2025-02-11T14:25:11+00:00","og_image":[{"width":1500,"height":800,"url":"https:\/\/www.weinfreunde.de\/magazin\/wp-content\/uploads\/2017\/09\/Elqui-Valley-Andes-part-of-Atacama-Desert-in-the-Coquimbo-region-Chile_11-Bild_1500x800px-4.jpg","type":"image\/jpeg"}],"twitter_card":"summary_large_image","twitter_misc":{"Est. reading time":"1\u00a0Minute"},"schema":{"@context":"https:\/\/schema.org","@graph":[{"@type":"WebPage","@id":"https:\/\/www.weinfreunde.de\/magazin\/weinlaender\/wein-aus-chile\/","url":"https:\/\/www.weinfreunde.de\/magazin\/weinlaender\/wein-aus-chile\/","name":"Weinland Chile &#187; Weinfreunde Magazin","isPartOf":{"@id":"https:\/\/www.weinfreunde.de\/magazin\/#website"},"primaryImageOfPage":{"@id":"https:\/\/www.weinfreunde.de\/magazin\/weinlaender\/wein-aus-chile\/#primaryimage"},"image":{"@id":"https:\/\/www.weinfreunde.de\/magazin\/weinlaender\/wein-aus-chile\/#primaryimage"},"thumbnailUrl":"https:\/\/www.weinfreunde.de\/magazin\/wp-content\/uploads\/2017\/09\/Elqui-Valley-Andes-part-of-Atacama-Desert-in-the-Coquimbo-region-Chile_11-Bild_1500x800px-4.jpg","datePublished":"2025-02-04T13:59:02+00:00","dateModified":"2025-02-11T14:25:11+00:00","breadcrumb":{"@id":"https:\/\/www.weinfreunde.de\/magazin\/weinlaender\/wein-aus-chile\/#breadcrumb"},"inLanguage":"de","potentialAction":[{"@type":"ReadAction","target":["https:\/\/www.weinfreunde.de\/magazin\/weinlaender\/wein-aus-chile\/"]}]},{"@type":"ImageObject","inLanguage":"de","@id":"https:\/\/www.weinfreunde.de\/magazin\/weinlaender\/wein-aus-chile\/#primaryimage","url":"https:\/\/www.weinfreunde.de\/magazin\/wp-content\/uploads\/2017\/09\/Elqui-Valley-Andes-part-of-Atacama-Desert-in-the-Coquimbo-region-Chile_11-Bild_1500x800px-4.jpg","contentUrl":"https:\/\/www.weinfreunde.de\/magazin\/wp-content\/uploads\/2017\/09\/Elqui-Valley-Andes-part-of-Atacama-Desert-in-the-Coquimbo-region-Chile_11-Bild_1500x800px-4.jpg","width":1500,"height":800,"caption":"Weinberge in Chile"},{"@type":"BreadcrumbList","@id":"https:\/\/www.weinfreunde.de\/magazin\/weinlaender\/wein-aus-chile\/#breadcrumb","itemListElement":[{"@type":"ListItem","position":1,"name":"Magazin","item":"https:\/\/www.weinfreunde.de\/magazin\/"},{"@type":"ListItem","position":2,"name":"Weinl\u00e4nder","item":"https:\/\/www.weinfreunde.de\/magazin\/weinlaender\/"},{"@type":"ListItem","position":3,"name":"Weinland Chile"}]},{"@type":"WebSite","@id":"https:\/\/www.weinfreunde.de\/magazin\/#website","url":"https:\/\/www.weinfreunde.de\/magazin\/","name":"Weinfreunde Magazin","description":"Dein Weinfreunde Magazin","publisher":{"@id":"https:\/\/www.weinfreunde.de\/magazin\/#organization"},"potentialAction":[{"@type":"SearchAction","target":{"@type":"EntryPoint","urlTemplate":"https:\/\/www.weinfreunde.de\/magazin\/?s={search_term_string}"},"query-input":{"@type":"PropertyValueSpecification","valueRequired":true,"valueName":"search_term_string"}}],"inLanguage":"de"},{"@type":"Organization","@id":"https:\/\/www.weinfreunde.de\/magazin\/#organization","name":"REWE Wein online GmbH | Weinfreunde","url":"https:\/\/www.weinfreunde.de\/magazin\/","logo":{"@type":"ImageObject","inLanguage":"de","@id":"https:\/\/www.weinfreunde.de\/magazin\/#\/schema\/logo\/image\/","url":"https:\/\/www.weinfreunde.de\/magazin\/wp-content\/uploads\/2019\/08\/WF_Logo_Vertikal_Claim_Schwarz-scaled.jpg.webp","contentUrl":"https:\/\/www.weinfreunde.de\/magazin\/wp-content\/uploads\/2019\/08\/WF_Logo_Vertikal_Claim_Schwarz-scaled.jpg.webp","width":2048,"height":1241,"caption":"REWE Wein online GmbH | Weinfreunde"},"image":{"@id":"https:\/\/www.weinfreunde.de\/magazin\/#\/schema\/logo\/image\/"},"sameAs":["https:\/\/www.facebook.com\/weinfreunde.de"]}]}},"_links":{"self":[{"href":"https:\/\/www.weinfreunde.de\/magazin\/wp-json\/wp\/v2\/pages\/10501","targetHints":{"allow":["GET"]}}],"collection":[{"href":"https:\/\/www.weinfreunde.de\/magazin\/wp-json\/wp\/v2\/pages"}],"about":[{"href":"https:\/\/www.weinfreunde.de\/magazin\/wp-json\/wp\/v2\/types\/page"}],"author":[{"embeddable":true,"href":"https:\/\/www.weinfreunde.de\/magazin\/wp-json\/wp\/v2\/users\/9"}],"replies":[{"embeddable":true,"href":"https:\/\/www.weinfreunde.de\/magazin\/wp-json\/wp\/v2\/comments?post=10501"}],"version-history":[{"count":37,"href":"https:\/\/www.weinfreunde.de\/magazin\/wp-json\/wp\/v2\/pages\/10501\/revisions"}],"predecessor-version":[{"id":13619,"href":"https:\/\/www.weinfreunde.de\/magazin\/wp-json\/wp\/v2\/pages\/10501\/revisions\/13619"}],"up":[{"embeddable":true,"href":"https:\/\/www.weinfreunde.de\/magazin\/wp-json\/wp\/v2\/pages\/13115"}],"wp:featuredmedia":[{"embeddable":true,"href":"https:\/\/www.weinfreunde.de\/magazin\/wp-json\/wp\/v2\/media\/2174"}],"wp:attachment":[{"href":"https:\/\/www.weinfreunde.de\/magazin\/wp-json\/wp\/v2\/media?parent=10501"}],"curies":[{"name":"wp","href":"https:\/\/api.w.org\/{rel}","templated":true}]}}